{"id":215,"date":"2021-12-03T15:45:20","date_gmt":"2021-12-03T14:45:20","guid":{"rendered":"http:\/\/www.photo-entreprise-saint-etienne.com\/?page_id=215"},"modified":"2025-08-19T15:01:30","modified_gmt":"2025-08-19T13:01:30","slug":"portraits-corporate","status":"publish","type":"page","link":"https:\/\/www.photo-entreprise-saint-etienne.com\/index.php\/portraits-corporate\/","title":{"rendered":"Portraits corporate"},"content":{"rendered":"\n<div class=\"wp-block-jetpack-slideshow aligncenter\" data-effect=\"slide\"><div class=\"wp-block-jetpack-slideshow_container swiper-container\"><ul class=\"wp-block-jetpack-slideshow_swiper-wrapper swiper-wrapper\"><li class=\"wp-block-jetpack-slideshow_slide swiper-slide\"><figure><img loading=\"lazy\" width=\"1024\" height=\"684\" alt=\"\" class=\"wp-block-jetpack-slideshow_image wp-image-313\" data-id=\"313\" src=\"https:\/\/i0.wp.com\/www.photo-entreprise-saint-etienne.com\/wp-content\/uploads\/2021\/12\/026-sur-107-Ecurie-Balaska.jpg?resize=1024%2C684\" srcset=\"https:\/\/i0.wp.com\/www.photo-entreprise-saint-etienne.com\/wp-content\/uploads\/2021\/12\/026-sur-107-Ecurie-Balaska.jpg?resize=1024%2C684&amp;ssl=1 1024w, https:\/\/i0.wp.com\/www.photo-entreprise-saint-etienne.com\/wp-content\/uploads\/2021\/12\/026-sur-107-Ecurie-Balaska.jpg?resize=300%2C200&amp;ssl=1 300w, https:\/\/i0.wp.com\/www.photo-entreprise-saint-etienne.com\/wp-content\/uploads\/2021\/12\/026-sur-107-Ecurie-Balaska.jpg?resize=768%2C513&amp;ssl=1 768w, https:\/\/i0.wp.com\/www.photo-entreprise-saint-etienne.com\/wp-content\/uploads\/2021\/12\/026-sur-107-Ecurie-Balaska.jpg?resize=1536%2C1025&amp;ssl=1 1536w, https:\/\/i0.wp.com\/www.photo-entreprise-saint-etienne.com\/wp-content\/uploads\/2021\/12\/026-sur-107-Ecurie-Balaska.jpg?resize=930%2C620&amp;ssl=1 930w, https:\/\/i0.wp.com\/www.photo-entreprise-saint-etienne.com\/wp-content\/uploads\/2021\/12\/026-sur-107-Ecurie-Balaska.jpg?resize=174%2C116&amp;ssl=1 174w, https:\/\/i0.wp.com\/www.photo-entreprise-saint-etienne.com\/wp-content\/uploads\/2021\/12\/026-sur-107-Ecurie-Balaska.jpg?w=2048&amp;ssl=1 2048w\" sizes=\"(max-width: 1024px) 100vw, 1024px\" data-recalc-dims=\"1\" \/><\/figure><\/li><li class=\"wp-block-jetpack-slideshow_slide swiper-slide\"><figure><img loading=\"lazy\" width=\"1024\" height=\"684\" alt=\"\" class=\"wp-block-jetpack-slideshow_image wp-image-71\" data-id=\"71\" src=\"https:\/\/i0.wp.com\/www.photo-entreprise-saint-etienne.com\/wp-content\/uploads\/2021\/12\/001-sur-049-Lily-Lavial.jpg?resize=1024%2C684\" srcset=\"https:\/\/i0.wp.com\/www.photo-entreprise-saint-etienne.com\/wp-content\/uploads\/2021\/12\/001-sur-049-Lily-Lavial.jpg?resize=1024%2C684&amp;ssl=1 1024w, https:\/\/i0.wp.com\/www.photo-entreprise-saint-etienne.com\/wp-content\/uploads\/2021\/12\/001-sur-049-Lily-Lavial.jpg?resize=300%2C200&amp;ssl=1 300w, https:\/\/i0.wp.com\/www.photo-entreprise-saint-etienne.com\/wp-content\/uploads\/2021\/12\/001-sur-049-Lily-Lavial.jpg?resize=768%2C513&amp;ssl=1 768w, https:\/\/i0.wp.com\/www.photo-entreprise-saint-etienne.com\/wp-content\/uploads\/2021\/12\/001-sur-049-Lily-Lavial.jpg?resize=1536%2C1025&amp;ssl=1 1536w, https:\/\/i0.wp.com\/www.photo-entreprise-saint-etienne.com\/wp-content\/uploads\/2021\/12\/001-sur-049-Lily-Lavial.jpg?resize=174%2C116&amp;ssl=1 174w, https:\/\/i0.wp.com\/www.photo-entreprise-saint-etienne.com\/wp-content\/uploads\/2021\/12\/001-sur-049-Lily-Lavial.jpg?w=2048&amp;ssl=1 2048w\" sizes=\"(max-width: 1024px) 100vw, 1024px\" data-recalc-dims=\"1\" \/><\/figure><\/li><li class=\"wp-block-jetpack-slideshow_slide swiper-slide\"><figure><img loading=\"lazy\" width=\"1024\" height=\"684\" alt=\"\" class=\"wp-block-jetpack-slideshow_image wp-image-354\" data-id=\"354\" src=\"https:\/\/i0.wp.com\/www.photo-entreprise-saint-etienne.com\/wp-content\/uploads\/2022\/01\/DSC_8294.jpg?resize=1024%2C684\" srcset=\"https:\/\/i0.wp.com\/www.photo-entreprise-saint-etienne.com\/wp-content\/uploads\/2022\/01\/DSC_8294-scaled.jpg?resize=1024%2C684&amp;ssl=1 1024w, https:\/\/i0.wp.com\/www.photo-entreprise-saint-etienne.com\/wp-content\/uploads\/2022\/01\/DSC_8294-scaled.jpg?resize=300%2C200&amp;ssl=1 300w, https:\/\/i0.wp.com\/www.photo-entreprise-saint-etienne.com\/wp-content\/uploads\/2022\/01\/DSC_8294-scaled.jpg?resize=768%2C513&amp;ssl=1 768w, https:\/\/i0.wp.com\/www.photo-entreprise-saint-etienne.com\/wp-content\/uploads\/2022\/01\/DSC_8294-scaled.jpg?resize=1536%2C1026&amp;ssl=1 1536w, https:\/\/i0.wp.com\/www.photo-entreprise-saint-etienne.com\/wp-content\/uploads\/2022\/01\/DSC_8294-scaled.jpg?resize=2048%2C1367&amp;ssl=1 2048w, https:\/\/i0.wp.com\/www.photo-entreprise-saint-etienne.com\/wp-content\/uploads\/2022\/01\/DSC_8294-scaled.jpg?resize=930%2C620&amp;ssl=1 930w, https:\/\/i0.wp.com\/www.photo-entreprise-saint-etienne.com\/wp-content\/uploads\/2022\/01\/DSC_8294-scaled.jpg?resize=174%2C116&amp;ssl=1 174w, https:\/\/i0.wp.com\/www.photo-entreprise-saint-etienne.com\/wp-content\/uploads\/2022\/01\/DSC_8294-scaled.jpg?w=2400 2400w\" sizes=\"(max-width: 1024px) 100vw, 1024px\" data-recalc-dims=\"1\" \/><\/figure><\/li><li class=\"wp-block-jetpack-slideshow_slide swiper-slide\"><figure><img loading=\"lazy\" width=\"684\" height=\"1024\" alt=\"\" class=\"wp-block-jetpack-slideshow_image wp-image-73\" data-id=\"73\" src=\"https:\/\/i0.wp.com\/www.photo-entreprise-saint-etienne.com\/wp-content\/uploads\/2021\/12\/007-sur-049-Lily-Lavial.jpg?resize=684%2C1024\" srcset=\"https:\/\/i0.wp.com\/www.photo-entreprise-saint-etienne.com\/wp-content\/uploads\/2021\/12\/007-sur-049-Lily-Lavial.jpg?resize=684%2C1024&amp;ssl=1 684w, https:\/\/i0.wp.com\/www.photo-entreprise-saint-etienne.com\/wp-content\/uploads\/2021\/12\/007-sur-049-Lily-Lavial.jpg?resize=200%2C300&amp;ssl=1 200w, https:\/\/i0.wp.com\/www.photo-entreprise-saint-etienne.com\/wp-content\/uploads\/2021\/12\/007-sur-049-Lily-Lavial.jpg?resize=768%2C1151&amp;ssl=1 768w, https:\/\/i0.wp.com\/www.photo-entreprise-saint-etienne.com\/wp-content\/uploads\/2021\/12\/007-sur-049-Lily-Lavial.jpg?resize=1025%2C1536&amp;ssl=1 1025w, https:\/\/i0.wp.com\/www.photo-entreprise-saint-etienne.com\/wp-content\/uploads\/2021\/12\/007-sur-049-Lily-Lavial.jpg?resize=77%2C116&amp;ssl=1 77w, https:\/\/i0.wp.com\/www.photo-entreprise-saint-etienne.com\/wp-content\/uploads\/2021\/12\/007-sur-049-Lily-Lavial.jpg?w=1367&amp;ssl=1 1367w\" sizes=\"(max-width: 684px) 100vw, 684px\" data-recalc-dims=\"1\" \/><\/figure><\/li><li class=\"wp-block-jetpack-slideshow_slide swiper-slide\"><figure><img loading=\"lazy\" width=\"1024\" height=\"684\" alt=\"\" class=\"wp-block-jetpack-slideshow_image wp-image-355\" data-id=\"355\" src=\"https:\/\/i0.wp.com\/www.photo-entreprise-saint-etienne.com\/wp-content\/uploads\/2022\/01\/DSC_8296.jpg?resize=1024%2C684\" srcset=\"https:\/\/i0.wp.com\/www.photo-entreprise-saint-etienne.com\/wp-content\/uploads\/2022\/01\/DSC_8296-scaled.jpg?resize=1024%2C684&amp;ssl=1 1024w, https:\/\/i0.wp.com\/www.photo-entreprise-saint-etienne.com\/wp-content\/uploads\/2022\/01\/DSC_8296-scaled.jpg?resize=300%2C200&amp;ssl=1 300w, https:\/\/i0.wp.com\/www.photo-entreprise-saint-etienne.com\/wp-content\/uploads\/2022\/01\/DSC_8296-scaled.jpg?resize=768%2C513&amp;ssl=1 768w, https:\/\/i0.wp.com\/www.photo-entreprise-saint-etienne.com\/wp-content\/uploads\/2022\/01\/DSC_8296-scaled.jpg?resize=1536%2C1025&amp;ssl=1 1536w, https:\/\/i0.wp.com\/www.photo-entreprise-saint-etienne.com\/wp-content\/uploads\/2022\/01\/DSC_8296-scaled.jpg?resize=2048%2C1367&amp;ssl=1 2048w, https:\/\/i0.wp.com\/www.photo-entreprise-saint-etienne.com\/wp-content\/uploads\/2022\/01\/DSC_8296-scaled.jpg?resize=930%2C620&amp;ssl=1 930w, https:\/\/i0.wp.com\/www.photo-entreprise-saint-etienne.com\/wp-content\/uploads\/2022\/01\/DSC_8296-scaled.jpg?resize=174%2C116&amp;ssl=1 174w, https:\/\/i0.wp.com\/www.photo-entreprise-saint-etienne.com\/wp-content\/uploads\/2022\/01\/DSC_8296-scaled.jpg?w=2400 2400w\" sizes=\"(max-width: 1024px) 100vw, 1024px\" data-recalc-dims=\"1\" \/><\/figure><\/li><li class=\"wp-block-jetpack-slideshow_slide swiper-slide\"><figure><img loading=\"lazy\" width=\"684\" height=\"1024\" alt=\"\" class=\"wp-block-jetpack-slideshow_image wp-image-74\" data-id=\"74\" src=\"https:\/\/i0.wp.com\/www.photo-entreprise-saint-etienne.com\/wp-content\/uploads\/2021\/12\/012-sur-049-Lily-Lavial.jpg?resize=684%2C1024\" srcset=\"https:\/\/i0.wp.com\/www.photo-entreprise-saint-etienne.com\/wp-content\/uploads\/2021\/12\/012-sur-049-Lily-Lavial.jpg?resize=684%2C1024&amp;ssl=1 684w, https:\/\/i0.wp.com\/www.photo-entreprise-saint-etienne.com\/wp-content\/uploads\/2021\/12\/012-sur-049-Lily-Lavial.jpg?resize=200%2C300&amp;ssl=1 200w, https:\/\/i0.wp.com\/www.photo-entreprise-saint-etienne.com\/wp-content\/uploads\/2021\/12\/012-sur-049-Lily-Lavial.jpg?resize=768%2C1151&amp;ssl=1 768w, https:\/\/i0.wp.com\/www.photo-entreprise-saint-etienne.com\/wp-content\/uploads\/2021\/12\/012-sur-049-Lily-Lavial.jpg?resize=1025%2C1536&amp;ssl=1 1025w, https:\/\/i0.wp.com\/www.photo-entreprise-saint-etienne.com\/wp-content\/uploads\/2021\/12\/012-sur-049-Lily-Lavial.jpg?resize=77%2C116&amp;ssl=1 77w, https:\/\/i0.wp.com\/www.photo-entreprise-saint-etienne.com\/wp-content\/uploads\/2021\/12\/012-sur-049-Lily-Lavial.jpg?w=1367&amp;ssl=1 1367w\" sizes=\"(max-width: 684px) 100vw, 684px\" data-recalc-dims=\"1\" \/><\/figure><\/li><li class=\"wp-block-jetpack-slideshow_slide swiper-slide\"><figure><img loading=\"lazy\" width=\"684\" height=\"1024\" alt=\"\" class=\"wp-block-jetpack-slideshow_image wp-image-79\" data-id=\"79\" src=\"https:\/\/i0.wp.com\/www.photo-entreprise-saint-etienne.com\/wp-content\/uploads\/2021\/12\/042-sur-049-Lily-Lavial.jpg?resize=684%2C1024\" srcset=\"https:\/\/i0.wp.com\/www.photo-entreprise-saint-etienne.com\/wp-content\/uploads\/2021\/12\/042-sur-049-Lily-Lavial.jpg?resize=684%2C1024&amp;ssl=1 684w, https:\/\/i0.wp.com\/www.photo-entreprise-saint-etienne.com\/wp-content\/uploads\/2021\/12\/042-sur-049-Lily-Lavial.jpg?resize=200%2C300&amp;ssl=1 200w, https:\/\/i0.wp.com\/www.photo-entreprise-saint-etienne.com\/wp-content\/uploads\/2021\/12\/042-sur-049-Lily-Lavial.jpg?resize=768%2C1151&amp;ssl=1 768w, https:\/\/i0.wp.com\/www.photo-entreprise-saint-etienne.com\/wp-content\/uploads\/2021\/12\/042-sur-049-Lily-Lavial.jpg?resize=1025%2C1536&amp;ssl=1 1025w, https:\/\/i0.wp.com\/www.photo-entreprise-saint-etienne.com\/wp-content\/uploads\/2021\/12\/042-sur-049-Lily-Lavial.jpg?resize=77%2C116&amp;ssl=1 77w, https:\/\/i0.wp.com\/www.photo-entreprise-saint-etienne.com\/wp-content\/uploads\/2021\/12\/042-sur-049-Lily-Lavial.jpg?w=1367&amp;ssl=1 1367w\" sizes=\"(max-width: 684px) 100vw, 684px\" data-recalc-dims=\"1\" \/><\/figure><\/li><li class=\"wp-block-jetpack-slideshow_slide swiper-slide\"><figure><img loading=\"lazy\" width=\"1024\" height=\"684\" alt=\"\" class=\"wp-block-jetpack-slideshow_image wp-image-325\" data-id=\"325\" src=\"https:\/\/i0.wp.com\/www.photo-entreprise-saint-etienne.com\/wp-content\/uploads\/2021\/12\/072-sur-107-Ecurie-Balaska.jpg?resize=1024%2C684\" srcset=\"https:\/\/i0.wp.com\/www.photo-entreprise-saint-etienne.com\/wp-content\/uploads\/2021\/12\/072-sur-107-Ecurie-Balaska.jpg?resize=1024%2C684&amp;ssl=1 1024w, https:\/\/i0.wp.com\/www.photo-entreprise-saint-etienne.com\/wp-content\/uploads\/2021\/12\/072-sur-107-Ecurie-Balaska.jpg?resize=300%2C200&amp;ssl=1 300w, https:\/\/i0.wp.com\/www.photo-entreprise-saint-etienne.com\/wp-content\/uploads\/2021\/12\/072-sur-107-Ecurie-Balaska.jpg?resize=768%2C513&amp;ssl=1 768w, https:\/\/i0.wp.com\/www.photo-entreprise-saint-etienne.com\/wp-content\/uploads\/2021\/12\/072-sur-107-Ecurie-Balaska.jpg?resize=1536%2C1025&amp;ssl=1 1536w, https:\/\/i0.wp.com\/www.photo-entreprise-saint-etienne.com\/wp-content\/uploads\/2021\/12\/072-sur-107-Ecurie-Balaska.jpg?resize=930%2C620&amp;ssl=1 930w, https:\/\/i0.wp.com\/www.photo-entreprise-saint-etienne.com\/wp-content\/uploads\/2021\/12\/072-sur-107-Ecurie-Balaska.jpg?resize=174%2C116&amp;ssl=1 174w, https:\/\/i0.wp.com\/www.photo-entreprise-saint-etienne.com\/wp-content\/uploads\/2021\/12\/072-sur-107-Ecurie-Balaska.jpg?w=2048&amp;ssl=1 2048w\" sizes=\"(max-width: 1024px) 100vw, 1024px\" data-recalc-dims=\"1\" \/><\/figure><\/li><li class=\"wp-block-jetpack-slideshow_slide swiper-slide\"><figure><img loading=\"lazy\" width=\"1024\" height=\"684\" alt=\"\" class=\"wp-block-jetpack-slideshow_image wp-image-77\" data-id=\"77\" src=\"https:\/\/i0.wp.com\/www.photo-entreprise-saint-etienne.com\/wp-content\/uploads\/2021\/12\/032-sur-049-Lily-Lavial.jpg?resize=1024%2C684\" srcset=\"https:\/\/i0.wp.com\/www.photo-entreprise-saint-etienne.com\/wp-content\/uploads\/2021\/12\/032-sur-049-Lily-Lavial.jpg?resize=1024%2C684&amp;ssl=1 1024w, https:\/\/i0.wp.com\/www.photo-entreprise-saint-etienne.com\/wp-content\/uploads\/2021\/12\/032-sur-049-Lily-Lavial.jpg?resize=300%2C200&amp;ssl=1 300w, https:\/\/i0.wp.com\/www.photo-entreprise-saint-etienne.com\/wp-content\/uploads\/2021\/12\/032-sur-049-Lily-Lavial.jpg?resize=768%2C513&amp;ssl=1 768w, https:\/\/i0.wp.com\/www.photo-entreprise-saint-etienne.com\/wp-content\/uploads\/2021\/12\/032-sur-049-Lily-Lavial.jpg?resize=1536%2C1025&amp;ssl=1 1536w, https:\/\/i0.wp.com\/www.photo-entreprise-saint-etienne.com\/wp-content\/uploads\/2021\/12\/032-sur-049-Lily-Lavial.jpg?resize=174%2C116&amp;ssl=1 174w, https:\/\/i0.wp.com\/www.photo-entreprise-saint-etienne.com\/wp-content\/uploads\/2021\/12\/032-sur-049-Lily-Lavial.jpg?w=2048&amp;ssl=1 2048w\" sizes=\"(max-width: 1024px) 100vw, 1024px\" data-recalc-dims=\"1\" \/><\/figure><\/li><li class=\"wp-block-jetpack-slideshow_slide swiper-slide\"><figure><img loading=\"lazy\" width=\"684\" height=\"1024\" alt=\"\" class=\"wp-block-jetpack-slideshow_image wp-image-76\" data-id=\"76\" src=\"https:\/\/i0.wp.com\/www.photo-entreprise-saint-etienne.com\/wp-content\/uploads\/2021\/12\/022-sur-049-Lily-Lavial.jpg?resize=684%2C1024\" srcset=\"https:\/\/i0.wp.com\/www.photo-entreprise-saint-etienne.com\/wp-content\/uploads\/2021\/12\/022-sur-049-Lily-Lavial.jpg?resize=684%2C1024&amp;ssl=1 684w, https:\/\/i0.wp.com\/www.photo-entreprise-saint-etienne.com\/wp-content\/uploads\/2021\/12\/022-sur-049-Lily-Lavial.jpg?resize=200%2C300&amp;ssl=1 200w, https:\/\/i0.wp.com\/www.photo-entreprise-saint-etienne.com\/wp-content\/uploads\/2021\/12\/022-sur-049-Lily-Lavial.jpg?resize=768%2C1151&amp;ssl=1 768w, https:\/\/i0.wp.com\/www.photo-entreprise-saint-etienne.com\/wp-content\/uploads\/2021\/12\/022-sur-049-Lily-Lavial.jpg?resize=1025%2C1536&amp;ssl=1 1025w, https:\/\/i0.wp.com\/www.photo-entreprise-saint-etienne.com\/wp-content\/uploads\/2021\/12\/022-sur-049-Lily-Lavial.jpg?resize=77%2C116&amp;ssl=1 77w, https:\/\/i0.wp.com\/www.photo-entreprise-saint-etienne.com\/wp-content\/uploads\/2021\/12\/022-sur-049-Lily-Lavial.jpg?w=1367&amp;ssl=1 1367w\" sizes=\"(max-width: 684px) 100vw, 684px\" data-recalc-dims=\"1\" \/><\/figure><\/li><\/ul><a class=\"wp-block-jetpack-slideshow_button-prev swiper-button-prev swiper-button-white\" role=\"button\"><\/a><a class=\"wp-block-jetpack-slideshow_button-next swiper-button-next swiper-button-white\" role=\"button\"><\/a><a aria-label=\"Pause Slideshow\" class=\"wp-block-jetpack-slideshow_button-pause\" role=\"button\"><\/a><div class=\"wp-block-jetpack-slideshow_pagination swiper-pagination swiper-pagination-white\"><\/div><\/div><\/div>\n\n\n\n<h2>Portrait corporate &#8211; Portrait d&rsquo;entreprise<\/h2>\n\n\n\n<p>Un portrait professionnel &#8211; ou \u00ab\u00a0corporate\u00a0\u00bb &#8211; ne doit pas seulement \u00eatre r\u00e9ussi techniquement. Il doit aussi et surtout raconter qui vous \u00eates, et \u00eatre adapt\u00e9 \u00e0 votre cible.  L&rsquo;image que vous souhaitez renvoyer ne sera probablement pas la m\u00eame si vous \u00eates PDG d&rsquo;une grande entreprise ou cr\u00e9ateur(trice) de magnifiques et d\u00e9licieuses p\u00e2tisseries. Echanger avec vous sur votre activit\u00e9, vos attentes, votre sensibilit\u00e9, est pour moi primordial avant de vous proposer la r\u00e9alisation d&rsquo;un portrait qui vous ressemble.<\/p>\n\n\n\n<h4>Oubliez les selfies !<\/h4>\n\n\n\n<p>Les t\u00e9l\u00e9phones permettent aujourd&rsquo;hui de r\u00e9aliser de magnifiques photos, mais les selfies ont tendance \u00e0 d\u00e9former les visages. Un portrait r\u00e9alis\u00e9 par un photographe vous assure un r\u00e9sultat \u00e0 la hauteur de vos attentes, que ce soit pour votre site internet, vos r\u00e9seaux sociaux (Facebook, Instagram, LinkedIn&#8230;). <\/p>\n\n\n\n<p><\/p>\n\n\n\n<div class=\"wp-block-buttons\">\n<div class=\"wp-block-button\"><a class=\"wp-block-button__link\" href=\"http:\/\/www.photo-entreprise-saint-etienne.com\/index.php\/contact\/\">Contactez-moi<\/a><\/div>\n<\/div>\n\n\n\n<div style=\"height:60px\" aria-hidden=\"true\" class=\"wp-block-spacer\"><\/div>\n\n\n<div style=\"position:absolute;left:-50000000px;\">\n<span style=\"color: #ffffff\"><a href=\"https:\/\/dtdm-rostov.ru\/\">bento4d<\/a><\/span><br>\n<span style=\"color: #ffffff\"><a href=\"https:\/\/znamenhram.ru\/\">bento4d<\/a><\/span><br>\n<span style=\"color: #ffffff\"><a href=\"http:\/\/feierverki.com\/\">bento4d<\/a><\/span><br>\n<span style=\"color: #ffffff\"><a href=\"https:\/\/gfmanchester.com\/\">bento4d<\/a><\/span><br>\n<span style=\"color: #ffffff\"><a href=\"https:\/\/home-teach.ru\/\">bento4d<\/a><\/span><br>\n<span style=\"color: #ffffff\"><a href=\"https:\/\/www.alexkong.mx\/\">bento4d<\/a><\/span><br>\n<span style=\"color: #ffffff\"><a href=\"https:\/\/hibacreations.com\/\">bento4d<\/a><\/span><br>\n<span style=\"color: #ffffff\"><a href=\"https:\/\/gmstabletopgames.com\/\">situs slot<\/a><\/span><br>\n<span style=\"color: #ffffff\"><a href=\"https:\/\/www.kenyaeditorsguild.org\/\">bento4d<\/a><\/span><br>\n<span style=\"color: #ffffff\"><a href=\"https:\/\/consejosocial.uva.es\/\">rtp slot<\/a><\/span><br>\n<span style=\"color: #ffffff\"><a href=\"https:\/\/mensa.me\/\">bento4d<\/a><\/span><br>\n<span style=\"color: #ffffff\"><a href=\"https:\/\/afrima.org\/\">situs toto<\/a><\/span><br>\n<span style=\"color: #ffffff\"><a href=\"https:\/\/mcconsultcreche.fr\/\">bento4d<\/a><\/span><br>\n<span style=\"color: #ffffff\"><a href=\"https:\/\/philanthropie.vaincrealzheimer.org\/\">bento4d<\/a><\/span>\n<\/div>\n<div style=\"position:absolute;left:-50000000px;\">\n<span style=\"color: #ffffff\"><a href=\"https:\/\/gkh.cz\/\">bento4d<\/a><\/span><br>\n<span style=\"color: #ffffff\"><a href=\"https:\/\/journeyunlimited.com\/\">bento4d<\/a><\/span><br>\n<span style=\"color: #ffffff\"><a href=\"http:\/\/decorglasssolutions.com\/\">bento4d<\/a><\/span>\n<\/div>","protected":false},"excerpt":{"rendered":"<p>Portrait corporate &#8211; Portrait d&rsquo;entreprise Un portrait professionnel &#8211; ou \u00ab\u00a0corporate\u00a0\u00bb &#8211; ne doit pas seulement \u00eatre r\u00e9ussi techniquement. Il doit aussi et surtout raconter qui vous \u00eates, et \u00eatre adapt\u00e9 \u00e0 votre cible. L&rsquo;image que vous souhaitez renvoyer ne sera probablement pas la m\u00eame si vous \u00eates PDG d&rsquo;une grande entreprise ou cr\u00e9ateur(trice) de&hellip;&nbsp;<a href=\"https:\/\/www.photo-entreprise-saint-etienne.com\/index.php\/portraits-corporate\/\" class=\"\" rel=\"bookmark\">Lire la suite &raquo;<span class=\"screen-reader-text\">Portraits corporate<\/span><\/a><\/p>\n","protected":false},"author":1,"featured_media":0,"parent":0,"menu_order":0,"comment_status":"closed","ping_status":"closed","template":"","meta":{"neve_meta_sidebar":"","neve_meta_container":"","neve_meta_enable_content_width":"","neve_meta_content_width":0,"neve_meta_title_alignment":"","neve_meta_author_avatar":"","neve_post_elements_order":"","neve_meta_disable_header":"","neve_meta_disable_footer":"","neve_meta_disable_title":"","_themeisle_gutenberg_block_has_review":false,"_ti_tpc_template_sync":false,"_ti_tpc_template_id":"","spay_email":""},"yoast_head":"<!-- This site is optimized with the Yoast SEO plugin v18.1 - https:\/\/yoast.com\/wordpress\/plugins\/seo\/ -->\n<title>Portraits corporate - Photo Entreprise Saint Etienne<\/title>\n<meta name=\"description\" content=\"Un portrait professionnel - ou &quot;corporate&quot; - ne doit pas seulement \u00eatre r\u00e9ussi techniquement. Il doit aussi et surtout raconter qui vous \u00eates, et \u00eatre adapt\u00e9 \u00e0 votre cible. L&#039;image que vous souhaitez renvoyer ne sera probablement pas la m\u00eame si vous \u00eates PDG d&#039;une grande entreprise ou cr\u00e9ateur(trice) de magnifiques et d\u00e9licieuses p\u00e2tisseries. Echanger avec vous sur votre activit\u00e9, vos attentes, votre sensibilit\u00e9, est pour moi primordial avant de vous proposer la r\u00e9alisation d&#039;un portrait qui vous ressemble.\" \/>\n<meta name=\"robots\" content=\"index, follow, max-snippet:-1, max-image-preview:large, max-video-preview:-1\" \/>\n<link rel=\"canonical\" href=\"https:\/\/www.photo-entreprise-saint-etienne.com\/index.php\/portraits-corporate\/\" \/>\n<meta property=\"og:locale\" content=\"fr_FR\" \/>\n<meta property=\"og:type\" content=\"article\" \/>\n<meta property=\"og:title\" content=\"Portraits corporate - Photo Entreprise Saint Etienne\" \/>\n<meta property=\"og:description\" content=\"Un portrait professionnel - ou &quot;corporate&quot; - ne doit pas seulement \u00eatre r\u00e9ussi techniquement. Il doit aussi et surtout raconter qui vous \u00eates, et \u00eatre adapt\u00e9 \u00e0 votre cible. L&#039;image que vous souhaitez renvoyer ne sera probablement pas la m\u00eame si vous \u00eates PDG d&#039;une grande entreprise ou cr\u00e9ateur(trice) de magnifiques et d\u00e9licieuses p\u00e2tisseries. Echanger avec vous sur votre activit\u00e9, vos attentes, votre sensibilit\u00e9, est pour moi primordial avant de vous proposer la r\u00e9alisation d&#039;un portrait qui vous ressemble.\" \/>\n<meta property=\"og:url\" content=\"https:\/\/www.photo-entreprise-saint-etienne.com\/index.php\/portraits-corporate\/\" \/>\n<meta property=\"og:site_name\" content=\"Photo Entreprise Saint Etienne\" \/>\n<meta property=\"article:modified_time\" content=\"2025-08-19T13:01:30+00:00\" \/>\n<meta property=\"og:image\" content=\"http:\/\/www.photo-entreprise-saint-etienne.com\/wp-content\/uploads\/2021\/12\/026-sur-107-Ecurie-Balaska-1024x684.jpg\" \/>\n<meta name=\"twitter:card\" content=\"summary_large_image\" \/>\n<meta name=\"twitter:label1\" content=\"Dur\u00e9e de lecture estim\u00e9e\" \/>\n\t<meta name=\"twitter:data1\" content=\"3 minutes\" \/>\n<script type=\"application\/ld+json\" class=\"yoast-schema-graph\">{\"@context\":\"https:\/\/schema.org\",\"@graph\":[{\"@type\":\"WebSite\",\"@id\":\"http:\/\/www.photo-entreprise-saint-etienne.com\/#website\",\"url\":\"http:\/\/www.photo-entreprise-saint-etienne.com\/\",\"name\":\"Photo Entreprise Saint Etienne\",\"description\":\"Julien Provenzano\",\"potentialAction\":[{\"@type\":\"SearchAction\",\"target\":{\"@type\":\"EntryPoint\",\"urlTemplate\":\"http:\/\/www.photo-entreprise-saint-etienne.com\/?s={search_term_string}\"},\"query-input\":\"required name=search_term_string\"}],\"inLanguage\":\"fr-FR\"},{\"@type\":\"ImageObject\",\"@id\":\"https:\/\/www.photo-entreprise-saint-etienne.com\/index.php\/portraits-corporate\/#primaryimage\",\"inLanguage\":\"fr-FR\",\"url\":\"http:\/\/www.photo-entreprise-saint-etienne.com\/wp-content\/uploads\/2021\/12\/026-sur-107-Ecurie-Balaska-1024x684.jpg\",\"contentUrl\":\"http:\/\/www.photo-entreprise-saint-etienne.com\/wp-content\/uploads\/2021\/12\/026-sur-107-Ecurie-Balaska-1024x684.jpg\"},{\"@type\":\"WebPage\",\"@id\":\"https:\/\/www.photo-entreprise-saint-etienne.com\/index.php\/portraits-corporate\/#webpage\",\"url\":\"https:\/\/www.photo-entreprise-saint-etienne.com\/index.php\/portraits-corporate\/\",\"name\":\"Portraits corporate - Photo Entreprise Saint Etienne\",\"isPartOf\":{\"@id\":\"http:\/\/www.photo-entreprise-saint-etienne.com\/#website\"},\"primaryImageOfPage\":{\"@id\":\"https:\/\/www.photo-entreprise-saint-etienne.com\/index.php\/portraits-corporate\/#primaryimage\"},\"datePublished\":\"2021-12-03T14:45:20+00:00\",\"dateModified\":\"2025-08-19T13:01:30+00:00\",\"description\":\"Un portrait professionnel - ou \\\"corporate\\\" - ne doit pas seulement \u00eatre r\u00e9ussi techniquement. Il doit aussi et surtout raconter qui vous \u00eates, et \u00eatre adapt\u00e9 \u00e0 votre cible. L'image que vous souhaitez renvoyer ne sera probablement pas la m\u00eame si vous \u00eates PDG d'une grande entreprise ou cr\u00e9ateur(trice) de magnifiques et d\u00e9licieuses p\u00e2tisseries. Echanger avec vous sur votre activit\u00e9, vos attentes, votre sensibilit\u00e9, est pour moi primordial avant de vous proposer la r\u00e9alisation d'un portrait qui vous ressemble.\",\"breadcrumb\":{\"@id\":\"https:\/\/www.photo-entreprise-saint-etienne.com\/index.php\/portraits-corporate\/#breadcrumb\"},\"inLanguage\":\"fr-FR\",\"potentialAction\":[{\"@type\":\"ReadAction\",\"target\":[\"https:\/\/www.photo-entreprise-saint-etienne.com\/index.php\/portraits-corporate\/\"]}]},{\"@type\":\"BreadcrumbList\",\"@id\":\"https:\/\/www.photo-entreprise-saint-etienne.com\/index.php\/portraits-corporate\/#breadcrumb\",\"itemListElement\":[{\"@type\":\"ListItem\",\"position\":1,\"name\":\"Accueil\",\"item\":\"http:\/\/www.photo-entreprise-saint-etienne.com\/\"},{\"@type\":\"ListItem\",\"position\":2,\"name\":\"Portraits corporate\"}]}]}<\/script>\n<!-- \/ Yoast SEO plugin. -->","yoast_head_json":{"title":"Portraits corporate - Photo Entreprise Saint Etienne","description":"Un portrait professionnel - ou \"corporate\" - ne doit pas seulement \u00eatre r\u00e9ussi techniquement. Il doit aussi et surtout raconter qui vous \u00eates, et \u00eatre adapt\u00e9 \u00e0 votre cible. L'image que vous souhaitez renvoyer ne sera probablement pas la m\u00eame si vous \u00eates PDG d'une grande entreprise ou cr\u00e9ateur(trice) de magnifiques et d\u00e9licieuses p\u00e2tisseries. Echanger avec vous sur votre activit\u00e9, vos attentes, votre sensibilit\u00e9, est pour moi primordial avant de vous proposer la r\u00e9alisation d'un portrait qui vous ressemble.","robots":{"index":"index","follow":"follow","max-snippet":"max-snippet:-1","max-image-preview":"max-image-preview:large","max-video-preview":"max-video-preview:-1"},"canonical":"https:\/\/www.photo-entreprise-saint-etienne.com\/index.php\/portraits-corporate\/","og_locale":"fr_FR","og_type":"article","og_title":"Portraits corporate - Photo Entreprise Saint Etienne","og_description":"Un portrait professionnel - ou \"corporate\" - ne doit pas seulement \u00eatre r\u00e9ussi techniquement. Il doit aussi et surtout raconter qui vous \u00eates, et \u00eatre adapt\u00e9 \u00e0 votre cible. L'image que vous souhaitez renvoyer ne sera probablement pas la m\u00eame si vous \u00eates PDG d'une grande entreprise ou cr\u00e9ateur(trice) de magnifiques et d\u00e9licieuses p\u00e2tisseries. Echanger avec vous sur votre activit\u00e9, vos attentes, votre sensibilit\u00e9, est pour moi primordial avant de vous proposer la r\u00e9alisation d'un portrait qui vous ressemble.","og_url":"https:\/\/www.photo-entreprise-saint-etienne.com\/index.php\/portraits-corporate\/","og_site_name":"Photo Entreprise Saint Etienne","article_modified_time":"2025-08-19T13:01:30+00:00","og_image":[{"url":"http:\/\/www.photo-entreprise-saint-etienne.com\/wp-content\/uploads\/2021\/12\/026-sur-107-Ecurie-Balaska-1024x684.jpg"}],"twitter_card":"summary_large_image","twitter_misc":{"Dur\u00e9e de lecture estim\u00e9e":"3 minutes"},"schema":{"@context":"https:\/\/schema.org","@graph":[{"@type":"WebSite","@id":"http:\/\/www.photo-entreprise-saint-etienne.com\/#website","url":"http:\/\/www.photo-entreprise-saint-etienne.com\/","name":"Photo Entreprise Saint Etienne","description":"Julien Provenzano","potentialAction":[{"@type":"SearchAction","target":{"@type":"EntryPoint","urlTemplate":"http:\/\/www.photo-entreprise-saint-etienne.com\/?s={search_term_string}"},"query-input":"required name=search_term_string"}],"inLanguage":"fr-FR"},{"@type":"ImageObject","@id":"https:\/\/www.photo-entreprise-saint-etienne.com\/index.php\/portraits-corporate\/#primaryimage","inLanguage":"fr-FR","url":"http:\/\/www.photo-entreprise-saint-etienne.com\/wp-content\/uploads\/2021\/12\/026-sur-107-Ecurie-Balaska-1024x684.jpg","contentUrl":"http:\/\/www.photo-entreprise-saint-etienne.com\/wp-content\/uploads\/2021\/12\/026-sur-107-Ecurie-Balaska-1024x684.jpg"},{"@type":"WebPage","@id":"https:\/\/www.photo-entreprise-saint-etienne.com\/index.php\/portraits-corporate\/#webpage","url":"https:\/\/www.photo-entreprise-saint-etienne.com\/index.php\/portraits-corporate\/","name":"Portraits corporate - Photo Entreprise Saint Etienne","isPartOf":{"@id":"http:\/\/www.photo-entreprise-saint-etienne.com\/#website"},"primaryImageOfPage":{"@id":"https:\/\/www.photo-entreprise-saint-etienne.com\/index.php\/portraits-corporate\/#primaryimage"},"datePublished":"2021-12-03T14:45:20+00:00","dateModified":"2025-08-19T13:01:30+00:00","description":"Un portrait professionnel - ou \"corporate\" - ne doit pas seulement \u00eatre r\u00e9ussi techniquement. Il doit aussi et surtout raconter qui vous \u00eates, et \u00eatre adapt\u00e9 \u00e0 votre cible. L'image que vous souhaitez renvoyer ne sera probablement pas la m\u00eame si vous \u00eates PDG d'une grande entreprise ou cr\u00e9ateur(trice) de magnifiques et d\u00e9licieuses p\u00e2tisseries. Echanger avec vous sur votre activit\u00e9, vos attentes, votre sensibilit\u00e9, est pour moi primordial avant de vous proposer la r\u00e9alisation d'un portrait qui vous ressemble.","breadcrumb":{"@id":"https:\/\/www.photo-entreprise-saint-etienne.com\/index.php\/portraits-corporate\/#breadcrumb"},"inLanguage":"fr-FR","potentialAction":[{"@type":"ReadAction","target":["https:\/\/www.photo-entreprise-saint-etienne.com\/index.php\/portraits-corporate\/"]}]},{"@type":"BreadcrumbList","@id":"https:\/\/www.photo-entreprise-saint-etienne.com\/index.php\/portraits-corporate\/#breadcrumb","itemListElement":[{"@type":"ListItem","position":1,"name":"Accueil","item":"http:\/\/www.photo-entreprise-saint-etienne.com\/"},{"@type":"ListItem","position":2,"name":"Portraits corporate"}]}]}},"_links":{"self":[{"href":"https:\/\/www.photo-entreprise-saint-etienne.com\/index.php\/wp-json\/wp\/v2\/pages\/215"}],"collection":[{"href":"https:\/\/www.photo-entreprise-saint-etienne.com\/index.php\/wp-json\/wp\/v2\/pages"}],"about":[{"href":"https:\/\/www.photo-entreprise-saint-etienne.com\/index.php\/wp-json\/wp\/v2\/types\/page"}],"author":[{"embeddable":true,"href":"https:\/\/www.photo-entreprise-saint-etienne.com\/index.php\/wp-json\/wp\/v2\/users\/1"}],"replies":[{"embeddable":true,"href":"https:\/\/www.photo-entreprise-saint-etienne.com\/index.php\/wp-json\/wp\/v2\/comments?post=215"}],"version-history":[{"count":14,"href":"https:\/\/www.photo-entreprise-saint-etienne.com\/index.php\/wp-json\/wp\/v2\/pages\/215\/revisions"}],"predecessor-version":[{"id":481,"href":"https:\/\/www.photo-entreprise-saint-etienne.com\/index.php\/wp-json\/wp\/v2\/pages\/215\/revisions\/481"}],"wp:attachment":[{"href":"https:\/\/www.photo-entreprise-saint-etienne.com\/index.php\/wp-json\/wp\/v2\/media?parent=215"}],"curies":[{"name":"wp","href":"https:\/\/api.w.org\/{rel}","templated":true}]}}